{"id":8114,"date":"2016-09-16T14:29:16","date_gmt":"2016-09-16T17:29:16","guid":{"rendered":"http:\/\/rdfm.com.br\/rdfm\/?page_id=8114"},"modified":"2023-05-04T11:53:16","modified_gmt":"2023-05-04T14:53:16","slug":"publicacoes","status":"publish","type":"page","link":"https:\/\/rdfm.com.br\/rdfm\/quem-somos\/publicacoes\/","title":{"rendered":"Publica\u00e7\u00f5es"},"content":{"rendered":"\t\t<div data-elementor-type=\"wp-page\" data-elementor-id=\"8114\" class=\"elementor elementor-8114\">\n\t\t\t\t\t\t\t\t\t<section class=\"elementor-section elementor-top-section elementor-element elementor-element-e4783bd elementor-section-boxed elementor-section-height-default elementor-section-height-default wpr-particle-no wpr-jarallax-no wpr-parallax-no wpr-sticky-section-no\" data-id=\"e4783bd\" data-element_type=\"section\">\n\t\t\t\t\t\t<div class=\"elementor-container elementor-column-gap-default\">\n\t\t\t\t\t<div class=\"elementor-column elementor-col-50 elementor-top-column elementor-element elementor-element-bd000f7\" data-id=\"bd000f7\" data-element_type=\"column\">\n\t\t\t<div class=\"elementor-widget-wrap elementor-element-populated\">\n\t\t\t\t\t\t\t\t<div class=\"elementor-element elementor-element-500a528 elementor-widget elementor-widget-image\" data-id=\"500a528\" data-element_type=\"widget\" data-widget_type=\"image.default\">\n\t\t\t\t<div class=\"elementor-widget-container\">\n\t\t\t<style>\/*! elementor - v3.12.2 - 23-04-2023 *\/\n.elementor-widget-image{text-align:center}.elementor-widget-image a{display:inline-block}.elementor-widget-image a img[src$=\".svg\"]{width:48px}.elementor-widget-image img{vertical-align:middle;display:inline-block}<\/style>\t\t\t\t\t\t\t\t\t\t\t\t<img decoding=\"async\" width=\"209\" height=\"300\" src=\"https:\/\/rdfm.com.br\/rdfm\/wp-content\/uploads\/2016\/09\/LivroI-209x300.jpg\" class=\"attachment-medium size-medium wp-image-8407\" alt=\"\" loading=\"lazy\" srcset=\"https:\/\/rdfm.com.br\/rdfm\/wp-content\/uploads\/2016\/09\/LivroI-209x300.jpg 209w, https:\/\/rdfm.com.br\/rdfm\/wp-content\/uploads\/2016\/09\/LivroI-768x1103.jpg 768w, https:\/\/rdfm.com.br\/rdfm\/wp-content\/uploads\/2016\/09\/LivroI-713x1024.jpg 713w, https:\/\/rdfm.com.br\/rdfm\/wp-content\/uploads\/2016\/09\/LivroI-1140x1637.jpg 1140w, https:\/\/rdfm.com.br\/rdfm\/wp-content\/uploads\/2016\/09\/LivroI-555x797.jpg 555w, https:\/\/rdfm.com.br\/rdfm\/wp-content\/uploads\/2016\/09\/LivroI-360x517.jpg 360w, https:\/\/rdfm.com.br\/rdfm\/wp-content\/uploads\/2016\/09\/LivroI-262x376.jpg 262w, https:\/\/rdfm.com.br\/rdfm\/wp-content\/uploads\/2016\/09\/LivroI.jpg 1653w\" sizes=\"(max-width: 209px) 100vw, 209px\" \/>\t\t\t\t\t\t\t\t\t\t\t\t\t\t\t<\/div>\n\t\t\t\t<\/div>\n\t\t\t\t\t<\/div>\n\t\t<\/div>\n\t\t\t\t<div class=\"elementor-column elementor-col-50 elementor-top-column elementor-element elementor-element-4d840a1\" data-id=\"4d840a1\" data-element_type=\"column\">\n\t\t\t<div class=\"elementor-widget-wrap elementor-element-populated\">\n\t\t\t\t\t\t\t\t<div class=\"elementor-element elementor-element-2390f08 elementor-widget elementor-widget-text-editor\" data-id=\"2390f08\" data-element_type=\"widget\" data-widget_type=\"text-editor.default\">\n\t\t\t\t<div class=\"elementor-widget-container\">\n\t\t\t<style>\/*! elementor - v3.12.2 - 23-04-2023 *\/\n.elementor-widget-text-editor.elementor-drop-cap-view-stacked .elementor-drop-cap{background-color:#69727d;color:#fff}.elementor-widget-text-editor.elementor-drop-cap-view-framed .elementor-drop-cap{color:#69727d;border:3px solid;background-color:transparent}.elementor-widget-text-editor:not(.elementor-drop-cap-view-default) .elementor-drop-cap{margin-top:8px}.elementor-widget-text-editor:not(.elementor-drop-cap-view-default) .elementor-drop-cap-letter{width:1em;height:1em}.elementor-widget-text-editor .elementor-drop-cap{float:left;text-align:center;line-height:1;font-size:50px}.elementor-widget-text-editor .elementor-drop-cap-letter{display:inline-block}<\/style>\t\t\t\t<p><strong>Titulo:<\/strong> A L\u00f3gica do Bom senso em Reabilita\u00e7\u00e3o Din\u00e2mica e Funcional dos Maxilares sem Extra\u00e7\u00f5es<br \/><strong> Autor:<\/strong> Paulo Roberto Moreira dos Santos<br \/><strong> Publica\u00e7\u00e3o:<\/strong> Ribeir\u00e3o Preto \u2013 SP 1996<br \/><strong> P\u00e1ginas:<\/strong> 60<\/p><p>O princ\u00edpio da t\u00e9cnica RDFM, \u00e9 \u201clevar o errado para o lugar certo\u201d, com bom senso terap\u00eautico. Esta obra encerra os fundamentos cl\u00ednicos da t\u00e9cnica, desde que h\u00e1 30 anos tomamos conhecimento e passamos a atender exclusivamente pacientes protadores de m\u00e1-oclus\u00f5es em nosso consult\u00f3rio.<\/p>\t\t\t\t\t\t<\/div>\n\t\t\t\t<\/div>\n\t\t\t\t\t<\/div>\n\t\t<\/div>\n\t\t\t\t\t\t\t<\/div>\n\t\t<\/section>\n\t\t\t\t<section class=\"elementor-section elementor-top-section elementor-element elementor-element-ad6db13 elementor-section-boxed elementor-section-height-default elementor-section-height-default wpr-particle-no wpr-jarallax-no wpr-parallax-no wpr-sticky-section-no\" data-id=\"ad6db13\" data-element_type=\"section\">\n\t\t\t\t\t\t<div class=\"elementor-container elementor-column-gap-default\">\n\t\t\t\t\t<div class=\"elementor-column elementor-col-100 elementor-top-column elementor-element elementor-element-dd262bf\" data-id=\"dd262bf\" data-element_type=\"column\">\n\t\t\t<div class=\"elementor-widget-wrap elementor-element-populated\">\n\t\t\t\t\t\t\t\t<div class=\"elementor-element elementor-element-c9eddb3 elementor-widget elementor-widget-spacer\" data-id=\"c9eddb3\" data-element_type=\"widget\" data-widget_type=\"spacer.default\">\n\t\t\t\t<div class=\"elementor-widget-container\">\n\t\t\t<style>\/*! elementor - v3.12.2 - 23-04-2023 *\/\n.elementor-column .elementor-spacer-inner{height:var(--spacer-size)}.e-con{--container-widget-width:100%}.e-con-inner>.elementor-widget-spacer,.e-con>.elementor-widget-spacer{width:var(--container-widget-width,var(--spacer-size));--align-self:var(--container-widget-align-self,initial);--flex-shrink:0}.e-con-inner>.elementor-widget-spacer>.elementor-widget-container,.e-con-inner>.elementor-widget-spacer>.elementor-widget-container>.elementor-spacer,.e-con>.elementor-widget-spacer>.elementor-widget-container,.e-con>.elementor-widget-spacer>.elementor-widget-container>.elementor-spacer{height:100%}.e-con-inner>.elementor-widget-spacer>.elementor-widget-container>.elementor-spacer>.elementor-spacer-inner,.e-con>.elementor-widget-spacer>.elementor-widget-container>.elementor-spacer>.elementor-spacer-inner{height:var(--container-widget-height,var(--spacer-size))}<\/style>\t\t<div class=\"elementor-spacer\">\n\t\t\t<div class=\"elementor-spacer-inner\"><\/div>\n\t\t<\/div>\n\t\t\t\t<\/div>\n\t\t\t\t<\/div>\n\t\t\t\t\t<\/div>\n\t\t<\/div>\n\t\t\t\t\t\t\t<\/div>\n\t\t<\/section>\n\t\t\t\t<section class=\"elementor-section elementor-top-section elementor-element elementor-element-333c687 elementor-section-boxed elementor-section-height-default elementor-section-height-default wpr-particle-no wpr-jarallax-no wpr-parallax-no wpr-sticky-section-no\" data-id=\"333c687\" data-element_type=\"section\">\n\t\t\t\t\t\t<div class=\"elementor-container elementor-column-gap-default\">\n\t\t\t\t\t<div class=\"elementor-column elementor-col-50 elementor-top-column elementor-element elementor-element-15ba48a\" data-id=\"15ba48a\" data-element_type=\"column\">\n\t\t\t<div class=\"elementor-widget-wrap elementor-element-populated\">\n\t\t\t\t\t\t\t\t<div class=\"elementor-element elementor-element-ce364e4 elementor-widget elementor-widget-image\" data-id=\"ce364e4\" data-element_type=\"widget\" data-widget_type=\"image.default\">\n\t\t\t\t<div class=\"elementor-widget-container\">\n\t\t\t\t\t\t\t\t\t\t\t\t\t\t\t<img decoding=\"async\" width=\"199\" height=\"300\" src=\"https:\/\/rdfm.com.br\/rdfm\/wp-content\/uploads\/2016\/09\/LivroII-199x300.jpg\" class=\"attachment-medium size-medium wp-image-8408\" alt=\"\" loading=\"lazy\" srcset=\"https:\/\/rdfm.com.br\/rdfm\/wp-content\/uploads\/2016\/09\/LivroII-199x300.jpg 199w, https:\/\/rdfm.com.br\/rdfm\/wp-content\/uploads\/2016\/09\/LivroII-768x1157.jpg 768w, https:\/\/rdfm.com.br\/rdfm\/wp-content\/uploads\/2016\/09\/LivroII-680x1024.jpg 680w, https:\/\/rdfm.com.br\/rdfm\/wp-content\/uploads\/2016\/09\/LivroII-1140x1717.jpg 1140w, https:\/\/rdfm.com.br\/rdfm\/wp-content\/uploads\/2016\/09\/LivroII-555x836.jpg 555w, https:\/\/rdfm.com.br\/rdfm\/wp-content\/uploads\/2016\/09\/LivroII-360x542.jpg 360w, https:\/\/rdfm.com.br\/rdfm\/wp-content\/uploads\/2016\/09\/LivroII-262x395.jpg 262w, https:\/\/rdfm.com.br\/rdfm\/wp-content\/uploads\/2016\/09\/LivroII.jpg 1613w\" sizes=\"(max-width: 199px) 100vw, 199px\" \/>\t\t\t\t\t\t\t\t\t\t\t\t\t\t\t<\/div>\n\t\t\t\t<\/div>\n\t\t\t\t\t<\/div>\n\t\t<\/div>\n\t\t\t\t<div class=\"elementor-column elementor-col-50 elementor-top-column elementor-element elementor-element-07c702f\" data-id=\"07c702f\" data-element_type=\"column\">\n\t\t\t<div class=\"elementor-widget-wrap elementor-element-populated\">\n\t\t\t\t\t\t\t\t<div class=\"elementor-element elementor-element-1c86dc3 elementor-widget elementor-widget-text-editor\" data-id=\"1c86dc3\" data-element_type=\"widget\" data-widget_type=\"text-editor.default\">\n\t\t\t\t<div class=\"elementor-widget-container\">\n\t\t\t\t\t\t\t<p><strong>Titulo:<\/strong> Reabilita\u00e7\u00e3o Din\u00e2mica e Funcional dos Maxilares: \u201cNormatiza\u00e7\u00e3o de Procedimentos\u201d<br \/><strong> Autor:<\/strong> Paulo Roberto Moreira dos Santos<br \/><strong> Publica\u00e7\u00e3o:<\/strong> Livraria &amp; Editora Santos \u2013 S\u00e3o Paulo SP 2001<br \/><strong> P\u00e1ginas:<\/strong> 104<\/p><p>Ap\u00f3s ministrarmos palestras e cursos relacionados \u00e0 t\u00e9cnica RDFM, achamos importante o apo\u00edo loj\u00edstico e cient\u00edfico aos membros do grupo de Estudos \u201cM\u201d e \u00e0queles iniciantes na ci\u00eancia dos tratamentos das m\u00e1s-oclus\u00f5es pela t\u00e9cnica ortop\u00e9dica, fundamentada no bom senso terp\u00eautico. Neste livro s\u00e3o abordados todos os aspectos envolvidos para elabora\u00e7\u00e3o de diagn\u00f3sticos e confec\u00e7\u00e3o de aparatologias da T\u00e9cnica RDFM visando o tratamento integral do indiv\u00edduo.<\/p>\t\t\t\t\t\t<\/div>\n\t\t\t\t<\/div>\n\t\t\t\t\t<\/div>\n\t\t<\/div>\n\t\t\t\t\t\t\t<\/div>\n\t\t<\/section>\n\t\t\t\t<section class=\"elementor-section elementor-top-section elementor-element elementor-element-1562dd9 elementor-section-boxed elementor-section-height-default elementor-section-height-default wpr-particle-no wpr-jarallax-no wpr-parallax-no wpr-sticky-section-no\" data-id=\"1562dd9\" data-element_type=\"section\">\n\t\t\t\t\t\t<div class=\"elementor-container elementor-column-gap-default\">\n\t\t\t\t\t<div class=\"elementor-column elementor-col-100 elementor-top-column elementor-element elementor-element-c45c1f3\" data-id=\"c45c1f3\" data-element_type=\"column\">\n\t\t\t<div class=\"elementor-widget-wrap elementor-element-populated\">\n\t\t\t\t\t\t\t\t<div class=\"elementor-element elementor-element-faf056d elementor-widget elementor-widget-spacer\" data-id=\"faf056d\" data-element_type=\"widget\" data-widget_type=\"spacer.default\">\n\t\t\t\t<div class=\"elementor-widget-container\">\n\t\t\t\t\t<div class=\"elementor-spacer\">\n\t\t\t<div class=\"elementor-spacer-inner\"><\/div>\n\t\t<\/div>\n\t\t\t\t<\/div>\n\t\t\t\t<\/div>\n\t\t\t\t\t<\/div>\n\t\t<\/div>\n\t\t\t\t\t\t\t<\/div>\n\t\t<\/section>\n\t\t\t\t<section class=\"elementor-section elementor-top-section elementor-element elementor-element-37fcbef elementor-section-boxed elementor-section-height-default elementor-section-height-default wpr-particle-no wpr-jarallax-no wpr-parallax-no wpr-sticky-section-no\" data-id=\"37fcbef\" data-element_type=\"section\">\n\t\t\t\t\t\t<div class=\"elementor-container elementor-column-gap-default\">\n\t\t\t\t\t<div class=\"elementor-column elementor-col-50 elementor-top-column elementor-element elementor-element-79bfb15\" data-id=\"79bfb15\" data-element_type=\"column\">\n\t\t\t<div class=\"elementor-widget-wrap elementor-element-populated\">\n\t\t\t\t\t\t\t\t<div class=\"elementor-element elementor-element-b73a583 elementor-widget elementor-widget-image\" data-id=\"b73a583\" data-element_type=\"widget\" data-widget_type=\"image.default\">\n\t\t\t\t<div class=\"elementor-widget-container\">\n\t\t\t\t\t\t\t\t\t\t\t\t\t\t\t<img decoding=\"async\" width=\"212\" height=\"300\" src=\"https:\/\/rdfm.com.br\/rdfm\/wp-content\/uploads\/2016\/09\/Livroee-212x300.jpg\" class=\"attachment-medium size-medium wp-image-8500\" alt=\"\" loading=\"lazy\" srcset=\"https:\/\/rdfm.com.br\/rdfm\/wp-content\/uploads\/2016\/09\/Livroee-212x300.jpg 212w, https:\/\/rdfm.com.br\/rdfm\/wp-content\/uploads\/2016\/09\/Livroee-768x1088.jpg 768w, https:\/\/rdfm.com.br\/rdfm\/wp-content\/uploads\/2016\/09\/Livroee-723x1024.jpg 723w, https:\/\/rdfm.com.br\/rdfm\/wp-content\/uploads\/2016\/09\/Livroee-555x786.jpg 555w, https:\/\/rdfm.com.br\/rdfm\/wp-content\/uploads\/2016\/09\/Livroee-360x510.jpg 360w, https:\/\/rdfm.com.br\/rdfm\/wp-content\/uploads\/2016\/09\/Livroee-262x371.jpg 262w, https:\/\/rdfm.com.br\/rdfm\/wp-content\/uploads\/2016\/09\/Livroee.jpg 800w\" sizes=\"(max-width: 212px) 100vw, 212px\" \/>\t\t\t\t\t\t\t\t\t\t\t\t\t\t\t<\/div>\n\t\t\t\t<\/div>\n\t\t\t\t\t<\/div>\n\t\t<\/div>\n\t\t\t\t<div class=\"elementor-column elementor-col-50 elementor-top-column elementor-element elementor-element-023ffc0\" data-id=\"023ffc0\" data-element_type=\"column\">\n\t\t\t<div class=\"elementor-widget-wrap elementor-element-populated\">\n\t\t\t\t\t\t\t\t<div class=\"elementor-element elementor-element-e7397d6 elementor-widget elementor-widget-text-editor\" data-id=\"e7397d6\" data-element_type=\"widget\" data-widget_type=\"text-editor.default\">\n\t\t\t\t<div class=\"elementor-widget-container\">\n\t\t\t\t\t\t\t<p><strong>Titulo:<\/strong> An\u00e1lise Eletromiogr\u00e1fica dos M\u00fasculos Temporal e Masseter, em Portadores de Maloclus\u00e3o Classe II de Angle, durante Terapia Ortop\u00e9dica Funcional com Reabilita\u00e7\u00e3o Din\u00e2mica e Funcional dos Maxilares<br \/><strong> Autor:<\/strong> Glaura Trevisan Mattos dos Santos<br \/><strong> Publica\u00e7\u00e3o:<\/strong> Ribeir\u00e3o Preto \u2013 SP 2002<br \/><strong> P\u00e1ginas:<\/strong> 94<br \/><strong> BVS:<\/strong> <a href=\"http:\/\/web.archive.org\/web\/20170702105425\/http:\/\/bases.bireme.br\/cgi-bin\/wxislind.exe\/iah\/online\/?IsisScript=iah\/iah.xis&amp;src=google&amp;base=BBO&amp;lang=p&amp;nextAction=lnk&amp;exprSearch=7696&amp;indexSearch=ID\">link<\/a><\/p><p>Foi defendida pela p\u00f3s-graduanda Glaura Trevisan Mattos dos Santos na Faculdade de Ontologia de Ribeir\u00e3o Preto, FORP-USP, a Disserta\u00e7\u00e3o de Mestrado: \u201cAn\u00e1lise eletromiogr\u00e1fica dos m\u00fasculos temporal e masseter em portadores de maloclus\u00e3o Classe II de Angle, durante terapia ortop\u00e9dica funcional com Reabilita\u00e7\u00e3o Din\u00e2mica e Funcional dos Maxilares\u201d, onde participei na realiza\u00e7\u00e3o do tratamento corretivo dos pacientes portadores de maloclus\u00e3o Classe II de Angle, na faixa et\u00e1ria de seis a doze anos, de ambos os sexos, direcionados a participarem como grupo experimental no projeto de pesquisa desenvolvido na Faculdade de Odontologia de Ribeir\u00e3o Preto \u2013 USP. Os pacientes foram avaliados por meio de eletromiografia de superf\u00edcie nos m\u00fasculos mastigat\u00f3rios masseter e por\u00e7\u00e3o anterior do m\u00fasculo temporal, durante um ano de tratamento com a t\u00e9cnica Reabilita\u00e7\u00e3o Din\u00e2mica e Funcional dos Maxilares \u2013 sem extra\u00e7\u00f5es. Esse estudo demonstrou que o efeito ortop\u00e9dico funcional dos aparelhos da t\u00e9cnica RDFM podem modificar, mediante est\u00edmulos, a postura mandibular e o padr\u00e3o muscular do paciente.<\/p><p>A an\u00e1lise da atividade eletromigr\u00e1fica dos m\u00fasculos temporal e masseter em pacientes portadores de maloclus\u00e3o Classe II de Angle, forneceu uma avalia\u00e7\u00e3o quantitativa das altera\u00e7\u00f5es miofuncionais ocorridas.<\/p>\t\t\t\t\t\t<\/div>\n\t\t\t\t<\/div>\n\t\t\t\t\t<\/div>\n\t\t<\/div>\n\t\t\t\t\t\t\t<\/div>\n\t\t<\/section>\n\t\t\t\t\t\t\t<\/div>\n\t\t","protected":false},"excerpt":{"rendered":"<p>Titulo: A L\u00f3gica do Bom senso em Reabilita\u00e7\u00e3o Din\u00e2mica e Funcional dos Maxilares sem Extra\u00e7\u00f5es Autor: Paulo Roberto Moreira dos Santos Publica\u00e7\u00e3o: Ribeir\u00e3o Preto \u2013 SP 1996 P\u00e1ginas: 60 O princ\u00edpio da t\u00e9cnica RDFM, \u00e9 \u201clevar o errado para o lugar certo\u201d, com bom senso terap\u00eautico. Esta obra encerra os fundamentos cl\u00ednicos da t\u00e9cnica, desdeLeer M\u00e1s<\/p>\n","protected":false},"author":2,"featured_media":0,"parent":8070,"menu_order":0,"comment_status":"closed","ping_status":"closed","template":"","meta":[],"_links":{"self":[{"href":"https:\/\/rdfm.com.br\/rdfm\/wp-json\/wp\/v2\/pages\/8114"}],"collection":[{"href":"https:\/\/rdfm.com.br\/rdfm\/wp-json\/wp\/v2\/pages"}],"about":[{"href":"https:\/\/rdfm.com.br\/rdfm\/wp-json\/wp\/v2\/types\/page"}],"author":[{"embeddable":true,"href":"https:\/\/rdfm.com.br\/rdfm\/wp-json\/wp\/v2\/users\/2"}],"replies":[{"embeddable":true,"href":"https:\/\/rdfm.com.br\/rdfm\/wp-json\/wp\/v2\/comments?post=8114"}],"version-history":[{"count":26,"href":"https:\/\/rdfm.com.br\/rdfm\/wp-json\/wp\/v2\/pages\/8114\/revisions"}],"predecessor-version":[{"id":9635,"href":"https:\/\/rdfm.com.br\/rdfm\/wp-json\/wp\/v2\/pages\/8114\/revisions\/9635"}],"up":[{"embeddable":true,"href":"https:\/\/rdfm.com.br\/rdfm\/wp-json\/wp\/v2\/pages\/8070"}],"wp:attachment":[{"href":"https:\/\/rdfm.com.br\/rdfm\/wp-json\/wp\/v2\/media?parent=8114"}],"curies":[{"name":"wp","href":"https:\/\/api.w.org\/{rel}","templated":true}]}}